{"id":43,"date":"2018-01-08T23:44:14","date_gmt":"2018-01-08T22:44:14","guid":{"rendered":"http:\/\/www.cheyennecarronparfums.com\/?page_id=43"},"modified":"2026-03-17T22:30:25","modified_gmt":"2026-03-17T21:30:25","slug":"a-propos","status":"publish","type":"page","link":"https:\/\/cheyennecarronparfums.com\/de\/a-propos\/","title":{"rendered":"\u00dcber uns"},"content":{"rendered":"<p>[et_pb_section fb_built=\u00a0\u00bb1&Prime; admin_label=\u00a0\u00bbsection\u00a0\u00bb _builder_version=\u00a0\u00bb4.17.4&Prime; global_colors_info=\u00a0\u00bb{}\u00a0\u00bb][et_pb_row admin_label=\u00a0\u00bbrow\u00a0\u00bb _builder_version=\u00a0\u00bb4.17.4&Prime; background_size=\u00a0\u00bbinitial\u00a0\u00bb background_position=\u00a0\u00bbtop_left\u00a0\u00bb background_repeat=\u00a0\u00bbrepeat\u00a0\u00bb custom_padding=\u00a0\u00bb||||true|false\u00a0\u00bb global_colors_info=\u00a0\u00bb{}\u00a0\u00bb custom_margin=\u00a0\u00bb|auto||132px||\u00a0\u00bb][et_pb_column type=\u00a0\u00bb4_4&Prime; _builder_version=\u00a0\u00bb4.16&Prime; custom_padding=\u00a0\u00bb|||\u00a0\u00bb global_colors_info=\u00a0\u00bb{}\u00a0\u00bb custom_padding__hover=\u00a0\u00bb|||\u00a0\u00bb][et_pb_text admin_label=\u00a0\u00bbText\u00a0\u00bb _builder_version=\u00a0\u00bb4.27.6&Prime; background_size=\u00a0\u00bbinitial\u00a0\u00bb background_position=\u00a0\u00bbtop_left\u00a0\u00bb background_repeat=\u00a0\u00bbrepeat\u00a0\u00bb text_orientation=\u00a0\u00bbjustified\u00a0\u00bb global_colors_info=\u00a0\u00bb{}\u00a0\u00bb]<\/p>\n<div class=\"text-justify\">\n<p style=\"font-weight: 400; text-align: justify;\">La marque Cheyenne Carron Parfums est \u00e9dit\u00e9e par FOLK, soci\u00e9t\u00e9 fran\u00e7aise (SIREN 834 763 146) sp\u00e9cialis\u00e9e dans la cr\u00e9ation de parfums, de cosm\u00e9tiques et d\u2019objets de d\u00e9coration.<br data-start=\"366\" data-end=\"369\" \/>FOLK \u00e9dite \u00e9galement les marques Peuples &amp; Beaut\u00e9 et Folk Paris.<\/p>\n<\/div>\n<p>[\/et_pb_text][et_pb_text admin_label=\u00a0\u00bbText\u00a0\u00bb _builder_version=\u00a0\u00bb4.27.6&Prime; background_size=\u00a0\u00bbinitial\u00a0\u00bb background_position=\u00a0\u00bbtop_left\u00a0\u00bb background_repeat=\u00a0\u00bbrepeat\u00a0\u00bb text_orientation=\u00a0\u00bbjustified\u00a0\u00bb global_colors_info=\u00a0\u00bb{}\u00a0\u00bb locked=\u00a0\u00bboff\u00a0\u00bb]<\/p>\n<div class=\"text-justify\">\n<p data-start=\"319\" data-end=\"513\"><strong data-start=\"319\" data-end=\"513\">FOLK est une soci\u00e9t\u00e9 fran\u00e7aise (SIREN 834 763 146) sp\u00e9cialis\u00e9e dans la cr\u00e9ation de parfums, de cosm\u00e9tiques et d\u2019objets de d\u00e9coration.<br data-start=\"454\" data-end=\"457\" \/>La marque Cheyenne Carron Parfums est \u00e9dit\u00e9e par FOLK.<\/strong><\/p>\n<p data-start=\"515\" data-end=\"557\">Le parfum est dans ma vie depuis toujours.<\/p>\n<p data-start=\"559\" data-end=\"650\">Depuis mes d\u00e9buts au cin\u00e9ma, le parfum a toujours \u00e9t\u00e9 un \u00e9l\u00e9ment important dans mes films :<\/p>\n<p data-start=\"652\" data-end=\"1096\">qu\u2019il soit un trait de caract\u00e8re, un moyen de communication, ou encore un langage commun entre les personnages et les spectateurs. Il est question d\u2019odeur de saintet\u00e9 dans \u00ab Extase \u00bb, d\u2019une jeune h\u00e9ro\u00efne qui part au Moyen-Orient pour sa th\u00e8se sur le parfum dans \u00ab La chute des hommes \u00bb ; et dans mon prochain film, un adolescent maintient un lien avec sa m\u00e8re devenue handicap\u00e9e en lui faisant respirer une eau de Cologne qu\u2019elle affectionnait.<\/p>\n<p data-start=\"1098\" data-end=\"1512\">Plus g\u00e9n\u00e9ralement, cin\u00e9ma et parfum entretiennent une relation naturelle et profonde dans l\u2019imaginaire collectif : le premier est jalonn\u00e9 d\u2019\u0153uvres embl\u00e9matiques sur le sujet \u2013 \u00ab Parfum de femmes \u00bb, \u00ab L\u2019Odeur de la papaye verte \u00bb, etc. \u2013 et le second est envelopp\u00e9 d\u2019une aura cin\u00e9matographique, depuis Marilyn Monroe et \u00ab son \u00bb N\u00b05 jusqu\u2019aux vid\u00e9os promotionnelles d\u2019aujourd\u2019hui qui fusionnent avec le septi\u00e8me art.<\/p>\n<p data-start=\"1514\" data-end=\"1763\">Un jour, j\u2019ai d\u00e9cid\u00e9 d\u2019aller plus loin dans cet alliage entre mes deux passions, et de raconter des histoires autrement : des histoires olfactives qui \u00e9veillent l\u2019imagination, les sens et les souvenirs, et ce \u00e0 travers des fragrances de ma cr\u00e9ation.<\/p>\n<p data-start=\"1765\" data-end=\"1953\">Il y a un lien \u00e9troit entre les histoires que je raconte au cin\u00e9ma et celles que je raconte \u00e0 travers mes fragrances. Comme dans mes films, mes parfums parlent de sujets qui me sont chers.<\/p>\n<p data-start=\"1955\" data-end=\"2023\"><strong data-start=\"1955\" data-end=\"2023\">FOLK \u00e9dite \u00e9galement les marques Peuples &amp; Beaut\u00e9 et Folk Paris.<\/strong><\/p>\n<p style=\"font-weight: 400; text-align: justify;\">\n<\/div>\n<p>[\/et_pb_text][\/et_pb_column][\/et_pb_row][\/et_pb_section]<\/p>\n","protected":false},"excerpt":{"rendered":"<p>La marque Cheyenne Carron Parfums est \u00e9dit\u00e9e par FOLK, soci\u00e9t\u00e9 fran\u00e7aise (SIREN 834 763 146) sp\u00e9cialis\u00e9e dans la cr\u00e9ation de parfums, de cosm\u00e9tiques et d\u2019objets de d\u00e9coration.FOLK \u00e9dite \u00e9galement les marques Peuples &amp; Beaut\u00e9 et Folk Paris. FOLK est une soci\u00e9t\u00e9 fran\u00e7aise (SIREN 834 763 146) sp\u00e9cialis\u00e9e dans la cr\u00e9ation de parfums, de cosm\u00e9tiques et [&hellip;]<\/p>\n","protected":false},"author":1,"featured_media":0,"parent":0,"menu_order":0,"comment_status":"closed","ping_status":"closed","template":"","meta":{"_acf_changed":false,"_et_pb_use_builder":"on","_et_pb_old_content":"<div class=\"text-justify\">\n\nLe parfum est dans ma vie depuis toujours.\n\nPassionn\u00e9e, je le suis tout particuli\u00e8rement par Fr\u00e9d\u00e9ric Malle, Jean-Paul Guerlain, St\u00e9phanie de Saint Aignan, C\u00e9line Elena, ou encore Roudnitska, dont le \u00ab Parfum de Th\u00e9r\u00e8se \u00bb est pour moi une v\u00e9ritable \u0153uvre d'art ; non seulement un parfum mais aussi une invitation au voyage, qui me ram\u00e8ne \u00e0 des \u00e9motions personnelles intenses.\n\nDepuis mes d\u00e9buts au cin\u00e9ma, le parfum a toujours \u00e9t\u00e9 un \u00e9l\u00e9ment important dans mes films : qu\u2019il soit un trait de caract\u00e8re, un moyen de communication, ou encore un langage commun entre les personnages et les spectateurs. Il est question d\u2019odeur de saintet\u00e9 dans \u00ab Extase \u00bb, d\u2019une jeune h\u00e9ro\u00efne qui part au Moyen Orient pour sa th\u00e8se sur le parfum dans \u00ab La chute des hommes \u00bb ; et dans mon prochain film, un adolescent maintient un lien avec sa m\u00e8re devenue handicap\u00e9e en lui faisant respirer une eau de Cologne qu\u2019elle affectionnait.\n\nPlus g\u00e9n\u00e9ralement, cin\u00e9ma et parfum entretiennent une relation naturelle et profonde dans l\u2019imaginaire collectif : le premier est jalonn\u00e9 d\u2019\u0153uvres embl\u00e9matiques sur le sujet \u2013 \u00ab Parfum de femmes \u00bb, \u00ab L\u2019Odeur de la papaye verte \u00bb, etc. \u2013 et le second est envelopp\u00e9 d\u2019une aura cin\u00e9matographique, depuis Marilyn Monroe et \u2018son\u2019 N\u00b05 jusqu\u2019aux vid\u00e9os promotionnelles d\u2019aujourd\u2019hui qui fusionnent avec le septi\u00e8me art.\n\nDepuis un an, j\u2019ai d\u00e9cid\u00e9 d\u2019aller plus loin dans cet alliage entre mes deux passions, et de raconter des histoires autrement : des histoires olfactives qui \u00e9veillent l\u2019imagination, les sens et les souvenirs, et ce \u00e0 travers des fragrances de ma cr\u00e9ation.\n\nIl y a un lien \u00e9troit entre les histoires que je raconte au cin\u00e9ma et celles que je raconte \u00e0 travers mes fragrances. Comme dans mes films, mes parfums parlent d\u2019identit\u00e9s et de sujets qui me sont chers : \u00ab Marie \u00bb, en hommage \u00e0 ma m\u00e8re ; \u00ab Folk \u00bb et \u00ab Soleil Pa\u00efen \u00bb, en qu\u00eate de nature et de spiritualit\u00e9 ; \u00ab L\u2019Indochinoise \u00bb, cr\u00e9\u00e9 \u00e0 partir d\u2019un personnage d\u2019un de mes films, comme un prolongement de son histoire\u2026 Car, au cin\u00e9ma comme dans le parfum, l\u2019objectif reste le m\u00eame : cr\u00e9er une \u00e9motion, une r\u00e9flexion, faire voyager ; et aussi, si possible, enchanter la vie.\n\n<\/div>","_et_gb_content_width":"","footnotes":""},"class_list":["post-43","page","type-page","status-publish","hentry"],"acf":[],"jetpack_sharing_enabled":true,"_links":{"self":[{"href":"https:\/\/cheyennecarronparfums.com\/de\/wp-json\/wp\/v2\/pages\/43","targetHints":{"allow":["GET"]}}],"collection":[{"href":"https:\/\/cheyennecarronparfums.com\/de\/wp-json\/wp\/v2\/pages"}],"about":[{"href":"https:\/\/cheyennecarronparfums.com\/de\/wp-json\/wp\/v2\/types\/page"}],"author":[{"embeddable":true,"href":"https:\/\/cheyennecarronparfums.com\/de\/wp-json\/wp\/v2\/users\/1"}],"replies":[{"embeddable":true,"href":"https:\/\/cheyennecarronparfums.com\/de\/wp-json\/wp\/v2\/comments?post=43"}],"version-history":[{"count":7,"href":"https:\/\/cheyennecarronparfums.com\/de\/wp-json\/wp\/v2\/pages\/43\/revisions"}],"predecessor-version":[{"id":5015,"href":"https:\/\/cheyennecarronparfums.com\/de\/wp-json\/wp\/v2\/pages\/43\/revisions\/5015"}],"wp:attachment":[{"href":"https:\/\/cheyennecarronparfums.com\/de\/wp-json\/wp\/v2\/media?parent=43"}],"curies":[{"name":"wp","href":"https:\/\/api.w.org\/{rel}","templated":true}]}}