{"id":3405,"date":"2022-06-15T16:05:40","date_gmt":"2022-06-15T14:05:40","guid":{"rendered":"https:\/\/www.cheyennecarronparfums.com\/?post_type=product&#038;p=3405"},"modified":"2026-03-24T17:39:55","modified_gmt":"2026-03-24T16:39:55","slug":"les-beaux-jours","status":"publish","type":"product","link":"https:\/\/cheyennecarronparfums.com\/de\/products\/les-beaux-jours\/","title":{"rendered":"DIE SCH\u00d6NEN TAGE"},"content":{"rendered":"<p class=\"p1\"><b>Produktdetails<\/b><\/p>\n<p class=\"p2\"><b>LES BEAUX JOURS \u2013 Eau de parfum \u2013 100 ml<\/b><b><\/b><\/p>\n<p class=\"p2\">Une fragrance solaire et ancr\u00e9e, o\u00f9 la fra\u00eecheur des agrumes rencontre la profondeur des bois. Un parfum \u00e9quilibr\u00e9, inspir\u00e9 par la lumi\u00e8re, la construction et la pers\u00e9v\u00e9rance.<\/p>\n<p data-start=\"30\" data-end=\"47\">","protected":false},"excerpt":{"rendered":"<p class=\"p1\"><b>LES BEAUX JOURS \u2013 Eau de parfum \u2013 100 ml\u00a0<\/b><b><\/b><\/p>\n<p class=\"p1\">Ce parfum est une eau de parfum fra\u00eeche et bois\u00e9e, m\u00ealant agrumes lumineux, notes aromatiques et fond profond. Une fragrance \u00e9quilibr\u00e9e et solaire, id\u00e9ale pour une utilisation quotidienne.<\/p>\n<p class=\"p1\">Les Beaux Jours est une fragrance de clart\u00e9 et de r\u00e9sistance int\u00e9rieure. Un parfum n\u00e9 de la lumi\u00e8re, lorsque tout semble encore possible.<\/p>\n<p class=\"p1\">Sa composition m\u00eale des notes fruit\u00e9es baign\u00e9es de soleil \u00e0 la profondeur rassurante des bois, dans un \u00e9quilibre subtil entre \u00e9clat et ancrage. La fra\u00eecheur lumineuse ouvre le r\u00e9cit, puis laisse place \u00e0 une mati\u00e8re plus dense, plus calme, comme une pr\u00e9sence qui s\u2019installe.<\/p>\n<p class=\"p1\">Plus qu\u2019un parfum, Les Beaux Jours est un \u00e9tat d\u2019esprit. Un choix.<\/p>\n<p class=\"p1\">Celui de rester debout, de construire, de cr\u00e9er, m\u00eame lorsque le monde vacille. Il s\u2019adresse aux hommes qui avancent avec d\u00e9termination, \u00e0 ceux qui pr\u00e9f\u00e8rent la lumi\u00e8re au bruit, la justesse \u00e0 la violence, et qui portent en eux le d\u00e9sir de b\u00e2tir \u2014 des \u0153uvres, des liens, des lendemains.<\/p>\n<p class=\"p1\"><b>Caract\u00e9ristiques :<\/b><b><\/b><\/p>\n<ul class=\"ul1\">\n<li class=\"li2\"><em>Type : Eau de parfum<\/em><\/li>\n<li class=\"li2\"><em>Contenance : 100 ml<\/em><\/li>\n<li class=\"li2\"><em>Genre : Masculin<\/em><\/li>\n<li class=\"li2\"><em>Fabrication : France<\/em><\/li>\n<li class=\"li2\"><em>Application : Spray<\/em><\/li>\n<\/ul>\n<p class=\"p1\"><b>Kopfnoten<\/b><br \/>\nBigarade du Mexique, orange d\u2019Argentine, ambre<\/p>\n<p class=\"p1\"><b>Herznoten<\/b><br \/>\nC\u00e8dre, v\u00e9tiver, oud<\/p>\n<p class=\"p1\"><b>Basisnoten<\/b><br \/>\nSauge royale, poivre noir, f\u00e8ve tonka<\/p>","protected":false},"featured_media":4836,"comment_status":"open","ping_status":"closed","template":"","meta":{"_acf_changed":false,"_et_pb_use_builder":"","_et_pb_old_content":"","_et_gb_content_width":""},"product_brand":[],"product_cat":[19,58],"product_tag":[],"class_list":{"0":"post-3405","1":"product","2":"type-product","3":"status-publish","4":"has-post-thumbnail","6":"product_cat-homme","7":"product_cat-parfums","9":"first","10":"instock","11":"taxable","12":"shipping-taxable","13":"purchasable","14":"product-type-variable","15":"has-default-attributes"},"acf":[],"jetpack_sharing_enabled":true,"_links":{"self":[{"href":"https:\/\/cheyennecarronparfums.com\/de\/wp-json\/wp\/v2\/product\/3405","targetHints":{"allow":["GET"]}}],"collection":[{"href":"https:\/\/cheyennecarronparfums.com\/de\/wp-json\/wp\/v2\/product"}],"about":[{"href":"https:\/\/cheyennecarronparfums.com\/de\/wp-json\/wp\/v2\/types\/product"}],"replies":[{"embeddable":true,"href":"https:\/\/cheyennecarronparfums.com\/de\/wp-json\/wp\/v2\/comments?post=3405"}],"wp:featuredmedia":[{"embeddable":true,"href":"https:\/\/cheyennecarronparfums.com\/de\/wp-json\/wp\/v2\/media\/4836"}],"wp:attachment":[{"href":"https:\/\/cheyennecarronparfums.com\/de\/wp-json\/wp\/v2\/media?parent=3405"}],"wp:term":[{"taxonomy":"product_brand","embeddable":true,"href":"https:\/\/cheyennecarronparfums.com\/de\/wp-json\/wp\/v2\/product_brand?post=3405"},{"taxonomy":"product_cat","embeddable":true,"href":"https:\/\/cheyennecarronparfums.com\/de\/wp-json\/wp\/v2\/product_cat?post=3405"},{"taxonomy":"product_tag","embeddable":true,"href":"https:\/\/cheyennecarronparfums.com\/de\/wp-json\/wp\/v2\/product_tag?post=3405"}],"curies":[{"name":"wp","href":"https:\/\/api.w.org\/{rel}","templated":true}]}}