{"id":3730,"date":"2023-07-31T21:43:14","date_gmt":"2023-07-31T19:43:14","guid":{"rendered":"https:\/\/www.cheyennecarronparfums.com\/?post_type=product&#038;p=3730"},"modified":"2026-01-22T22:23:05","modified_gmt":"2026-01-22T21:23:05","slug":"echantillon-2-ml-le-jardin-des-visconti","status":"publish","type":"product","link":"https:\/\/cheyennecarronparfums.com\/de\/products\/echantillon-2-ml-le-jardin-des-visconti\/","title":{"rendered":"\u00c9chantillon 2 ml &#8211; Le jardin des Visconti"},"content":{"rendered":"<h3 data-start=\"122\" data-end=\"152\"><strong>Der Garten der Visconti<\/strong><\/h3>\n<p data-start=\"30\" data-end=\"57\">Secrets. \u00c9l\u00e9gance. H\u00e9ritage.<\/p>\n<p data-start=\"59\" data-end=\"325\">Le Jardin des Visconti est une promenade hors du temps, au c\u0153ur d\u2019un jardin aristocratique italien, o\u00f9 la nature dialogue avec l\u2019histoire. Un parfum pour celles et ceux qui aiment la beaut\u00e9 cultiv\u00e9e, raffin\u00e9e, charg\u00e9e de m\u00e9moire.<\/p>\n<p data-start=\"59\" data-end=\"325\">L\u2019ouverture s\u2019ouvre sur une fra\u00eecheur lumineuse et v\u00e9g\u00e9tale, \u00e9voquant la ros\u00e9e du matin sur les feuillages. Le c\u0153ur d\u00e9voile des accords floraux nobles, d\u00e9licats et harmonieux, comme les fleurs rares entretenues avec patience et passion.<\/p>\n<p data-start=\"59\" data-end=\"325\">En fond, les bois \u00e9l\u00e9gants, l\u2019ambre doux et les muscs soyeux ancrent la fragrance dans une profondeur chaleureuse et sophistiqu\u00e9e, laissant un sillage chic et intemporel. Le Jardin des Visconti n\u2019est pas un simple lieu. C\u2019est un art de vivre. Une \u00e9l\u00e9gance qui traverse les si\u00e8cles.<\/p>","protected":false},"excerpt":{"rendered":"<p>Ein geheimer Garten, edel und zeitlos.\nEine florale und elegante Duftspur. <strong>Der Garten der Visconti<\/strong><\/p>","protected":false},"featured_media":4837,"comment_status":"open","ping_status":"closed","template":"","meta":{"_acf_changed":false,"_et_pb_use_builder":"","_et_pb_old_content":"","_et_gb_content_width":""},"product_brand":[],"product_cat":[68],"product_tag":[],"class_list":{"0":"post-3730","1":"product","2":"type-product","3":"status-publish","4":"has-post-thumbnail","6":"product_cat-echantillons","8":"first","9":"instock","10":"taxable","11":"shipping-taxable","12":"purchasable","13":"product-type-simple"},"acf":[],"jetpack_sharing_enabled":true,"_links":{"self":[{"href":"https:\/\/cheyennecarronparfums.com\/de\/wp-json\/wp\/v2\/product\/3730","targetHints":{"allow":["GET"]}}],"collection":[{"href":"https:\/\/cheyennecarronparfums.com\/de\/wp-json\/wp\/v2\/product"}],"about":[{"href":"https:\/\/cheyennecarronparfums.com\/de\/wp-json\/wp\/v2\/types\/product"}],"replies":[{"embeddable":true,"href":"https:\/\/cheyennecarronparfums.com\/de\/wp-json\/wp\/v2\/comments?post=3730"}],"wp:featuredmedia":[{"embeddable":true,"href":"https:\/\/cheyennecarronparfums.com\/de\/wp-json\/wp\/v2\/media\/4837"}],"wp:attachment":[{"href":"https:\/\/cheyennecarronparfums.com\/de\/wp-json\/wp\/v2\/media?parent=3730"}],"wp:term":[{"taxonomy":"product_brand","embeddable":true,"href":"https:\/\/cheyennecarronparfums.com\/de\/wp-json\/wp\/v2\/product_brand?post=3730"},{"taxonomy":"product_cat","embeddable":true,"href":"https:\/\/cheyennecarronparfums.com\/de\/wp-json\/wp\/v2\/product_cat?post=3730"},{"taxonomy":"product_tag","embeddable":true,"href":"https:\/\/cheyennecarronparfums.com\/de\/wp-json\/wp\/v2\/product_tag?post=3730"}],"curies":[{"name":"wp","href":"https:\/\/api.w.org\/{rel}","templated":true}]}}