{"id":4125,"date":"2025-02-13T14:53:47","date_gmt":"2025-02-13T13:53:47","guid":{"rendered":"https:\/\/www.cheyennecarronparfums.com\/?page_id=4125"},"modified":"2025-02-24T15:16:28","modified_gmt":"2025-02-24T14:16:28","slug":"marques","status":"publish","type":"page","link":"https:\/\/cheyennecarronparfums.com\/en\/marques\/","title":{"rendered":"Marques"},"content":{"rendered":"<p>[et_pb_section fb_built=\u00a0\u00bb1&Prime; _builder_version=\u00a0\u00bb4.27.4&Prime; _module_preset=\u00a0\u00bbdefault\u00a0\u00bb custom_padding=\u00a0\u00bb0px||0px||true|false\u00a0\u00bb global_colors_info=\u00a0\u00bb{}\u00a0\u00bb][et_pb_row _builder_version=\u00a0\u00bb4.27.4&Prime; _module_preset=\u00a0\u00bbdefault\u00a0\u00bb module_alignment=\u00a0\u00bbcenter\u00a0\u00bb custom_padding=\u00a0\u00bb|0px|0px|0px|false|true\u00a0\u00bb global_colors_info=\u00a0\u00bb{}\u00a0\u00bb theme_builder_area=\u00a0\u00bbpost_content\u00a0\u00bb][et_pb_column type=\u00a0\u00bb4_4&Prime; _builder_version=\u00a0\u00bb4.27.4&Prime; _module_preset=\u00a0\u00bbdefault\u00a0\u00bb global_colors_info=\u00a0\u00bb{}\u00a0\u00bb theme_builder_area=\u00a0\u00bbpost_content\u00a0\u00bb][et_pb_text _builder_version=\u00a0\u00bb4.27.4&Prime; _module_preset=\u00a0\u00bbdefault\u00a0\u00bb header_2_font=\u00a0\u00bb|||on|||||\u00a0\u00bb header_2_text_align=\u00a0\u00bbcenter\u00a0\u00bb header_3_font=\u00a0\u00bb|||on|||||\u00a0\u00bb header_3_text_align=\u00a0\u00bbcenter\u00a0\u00bb header_3_font_size=\u00a0\u00bb20px\u00a0\u00bb custom_padding=\u00a0\u00bb||||true|false\u00a0\u00bb global_colors_info=\u00a0\u00bb{}\u00a0\u00bb theme_builder_area=\u00a0\u00bbpost_content\u00a0\u00bb]<\/p>\n<h3>Mes collaborations<\/h3>\n<p>[\/et_pb_text][\/et_pb_column][\/et_pb_row][et_pb_row column_structure=\u00a0\u00bb1_2,1_2&Prime; use_custom_gutter=\u00a0\u00bbon\u00a0\u00bb gutter_width=\u00a0\u00bb1&Prime; make_equal=\u00a0\u00bbon\u00a0\u00bb _builder_version=\u00a0\u00bb4.27.4&Prime; _module_preset=\u00a0\u00bbdefault\u00a0\u00bb width=\u00a0\u00bb25%\u00a0\u00bb width_tablet=\u00a0\u00bb50%\u00a0\u00bb width_phone=\u00a0\u00bb40%\u00a0\u00bb width_last_edited=\u00a0\u00bbon|phone\u00a0\u00bb module_alignment=\u00a0\u00bbcenter\u00a0\u00bb custom_margin=\u00a0\u00bb||||false|false\u00a0\u00bb custom_padding=\u00a0\u00bb0px||0px||true|false\u00a0\u00bb custom_css_main_element=\u00a0\u00bbdisplay:flex;||align-items:center;\u00a0\u00bb global_colors_info=\u00a0\u00bb{}\u00a0\u00bb custom_css_main_element_last_edited=\u00a0\u00bboff|tablet\u00a0\u00bb custom_css_main_element_phone=\u00a0\u00bbdisplay:flex;||align-items:center;\u00a0\u00bb custom_css_main_element_tablet=\u00a0\u00bbdisplay:flex;||align-items:center;\u00a0\u00bb theme_builder_area=\u00a0\u00bbpost_content\u00a0\u00bb][et_pb_column type=\u00a0\u00bb1_2&Prime; _builder_version=\u00a0\u00bb4.27.4&Prime; _module_preset=\u00a0\u00bbdefault\u00a0\u00bb custom_padding=\u00a0\u00bb||||true|true\u00a0\u00bb global_colors_info=\u00a0\u00bb{}\u00a0\u00bb theme_builder_area=\u00a0\u00bbpost_content\u00a0\u00bb][et_pb_image src=\u00a0\u00bbhttps:\/\/cheyennecarronparfums.com\/wp-content\/uploads\/2025\/02\/LOGO-LEGION.png\u00a0\u00bb title_text=\u00a0\u00bbLOGO LEGION\u00a0\u00bb _builder_version=\u00a0\u00bb4.27.4&Prime; _module_preset=\u00a0\u00bbdefault\u00a0\u00bb z_index=\u00a0\u00bb1&Prime; width=\u00a0\u00bb35%\u00a0\u00bb width_tablet=\u00a0\u00bb50%\u00a0\u00bb width_phone=\u00a0\u00bb100%\u00a0\u00bb width_last_edited=\u00a0\u00bbon|desktop\u00a0\u00bb module_alignment=\u00a0\u00bbleft\u00a0\u00bb custom_margin=\u00a0\u00bb||||false|false\u00a0\u00bb custom_padding=\u00a0\u00bb0px|0px|0px|0px|true|true\u00a0\u00bb global_colors_info=\u00a0\u00bb{}\u00a0\u00bb theme_builder_area=\u00a0\u00bbpost_content\u00a0\u00bb][\/et_pb_image][\/et_pb_column][et_pb_column type=\u00a0\u00bb1_2&Prime; _builder_version=\u00a0\u00bb4.27.4&Prime; _module_preset=\u00a0\u00bbdefault\u00a0\u00bb custom_padding=\u00a0\u00bb||||true|true\u00a0\u00bb global_colors_info=\u00a0\u00bb{}\u00a0\u00bb theme_builder_area=\u00a0\u00bbpost_content\u00a0\u00bb][et_pb_image src=\u00a0\u00bbhttps:\/\/cheyennecarronparfums.com\/wp-content\/uploads\/2025\/02\/CHATEAU-FARGUES-e1740404312600.jpg\u00a0\u00bb title_text=\u00a0\u00bbCHATEAU FARGUES\u00a0\u00bb align=\u00a0\u00bbright\u00a0\u00bb _builder_version=\u00a0\u00bb4.27.4&Prime; _module_preset=\u00a0\u00bbdefault\u00a0\u00bb width_tablet=\u00a0\u00bb\u00a0\u00bb width_phone=\u00a0\u00bb210%\u00a0\u00bb width_last_edited=\u00a0\u00bbon|phone\u00a0\u00bb module_alignment=\u00a0\u00bbright\u00a0\u00bb custom_padding=\u00a0\u00bb0px|0px|0px|0px|true|true\u00a0\u00bb global_colors_info=\u00a0\u00bb{}\u00a0\u00bb theme_builder_area=\u00a0\u00bbpost_content\u00a0\u00bb][\/et_pb_image][\/et_pb_column][\/et_pb_row][et_pb_row _builder_version=\u00a0\u00bb4.27.4&Prime; _module_preset=\u00a0\u00bbdefault\u00a0\u00bb global_colors_info=\u00a0\u00bb{}\u00a0\u00bb][et_pb_column type=\u00a0\u00bb4_4&Prime; _builder_version=\u00a0\u00bb4.27.4&Prime; _module_preset=\u00a0\u00bbdefault\u00a0\u00bb global_colors_info=\u00a0\u00bb{}\u00a0\u00bb][et_pb_text _builder_version=\u00a0\u00bb4.27.4&Prime; _module_preset=\u00a0\u00bbdefault\u00a0\u00bb header_2_font=\u00a0\u00bb|||on|||||\u00a0\u00bb header_2_text_align=\u00a0\u00bbcenter\u00a0\u00bb custom_padding=\u00a0\u00bb||||true|false\u00a0\u00bb global_colors_info=\u00a0\u00bb{}\u00a0\u00bb]<\/p>\n<h2>Une marque, un parfum.<\/h2>\n<p>[\/et_pb_text][\/et_pb_column][\/et_pb_row][et_pb_row column_structure=\u00a0\u00bb3_5,2_5&Prime; _builder_version=\u00a0\u00bb4.27.4&Prime; _module_preset=\u00a0\u00bbdefault\u00a0\u00bb module_alignment=\u00a0\u00bbcenter\u00a0\u00bb custom_padding=\u00a0\u00bb||0px||false|false\u00a0\u00bb global_colors_info=\u00a0\u00bb{}\u00a0\u00bb][et_pb_column type=\u00a0\u00bb3_5&Prime; _builder_version=\u00a0\u00bb4.27.4&Prime; _module_preset=\u00a0\u00bbdefault\u00a0\u00bb global_colors_info=\u00a0\u00bb{}\u00a0\u00bb][et_pb_text _builder_version=\u00a0\u00bb4.27.4&Prime; _module_preset=\u00a0\u00bbdefault\u00a0\u00bb text_font_size=\u00a0\u00bb20px\u00a0\u00bb header_2_font=\u00a0\u00bb|700|||||||\u00a0\u00bb text_orientation=\u00a0\u00bbjustified\u00a0\u00bb global_colors_info=\u00a0\u00bb{}\u00a0\u00bb]<\/p>\n<h2><span data-tt=\"{&quot;paragraphStyle&quot;:{&quot;alignment&quot;:4,&quot;style&quot;:3,&quot;writingDirection&quot;:1},&quot;fontHints&quot;:1}\">Une identit\u00e9, un parfum.<\/span><\/h2>\n<p><span data-tt=\"{&quot;paragraphStyle&quot;:{&quot;alignment&quot;:4,&quot;style&quot;:3,&quot;writingDirection&quot;:1},&quot;fontHints&quot;:1}\"><\/span><\/p>\n<p><span data-tt=\"{&quot;paragraphStyle&quot;:{&quot;alignment&quot;:4,&quot;style&quot;:3,&quot;writingDirection&quot;:1},&quot;fontHints&quot;:1}\"><\/span><\/p>\n<h3><em>Par la cr\u00e9atrice <\/em><\/h3>\n<h3><em>Cheyenne-Marie CARRON<\/em><\/h3>\n<p>[\/et_pb_text][et_pb_divider _builder_version=\u00a0\u00bb4.27.4&Prime; _module_preset=\u00a0\u00bbdefault\u00a0\u00bb width=\u00a0\u00bb15%\u00a0\u00bb module_alignment=\u00a0\u00bbleft\u00a0\u00bb global_colors_info=\u00a0\u00bb{}\u00a0\u00bb][\/et_pb_divider][et_pb_text _builder_version=\u00a0\u00bb4.27.4&Prime; _module_preset=\u00a0\u00bbdefault\u00a0\u00bb text_font_size=\u00a0\u00bb21px\u00a0\u00bb header_4_font=\u00a0\u00bb|700|||||||\u00a0\u00bb text_orientation=\u00a0\u00bbright\u00a0\u00bb width_phone=\u00a0\u00bb100%\u00a0\u00bb width_last_edited=\u00a0\u00bboff|desktop\u00a0\u00bb global_colors_info=\u00a0\u00bb{}\u00a0\u00bb]<\/p>\n<p><strong>Un parfum unique, en harmonie\u00a0avec les valeurs de votre marque.<\/strong><\/p>\n<p><strong>FOLK cr\u00e9\u00e9 pour vous une formule de parfum\u00a0unique en s\u2019inspirant de l\u2019univers de votre\u00a0marque.<\/strong><\/p>\n<p><strong><\/strong><\/p>\n<p>1. Apr\u00e8s plusieurs \u00e9changes sur vos go\u00fbts et\u00a0les odeurs que vous aimez, mais aussi sur\u00a0les valeurs et l\u2019identit\u00e9 de votre marque, j\u2019\u00e9tablis la pyramide olfactive de votre\u00a0parfum.<\/p>\n<p>2. Apr\u00e8s quelques temps de cr\u00e9ation sur la\u00a0\u00a0formule, je vous propose les \u00e9chantillons de\u00a0trois formules-test.<\/p>\n<p>3. Une fois votre choix effectu\u00e9, je vous livre\u00a0la quantit\u00e9 de votre parfum souhait\u00e9e.<\/p>\n<p>[\/et_pb_text][et_pb_divider _builder_version=\u00a0\u00bb4.27.4&Prime; _module_preset=\u00a0\u00bbdefault\u00a0\u00bb width=\u00a0\u00bb15%\u00a0\u00bb module_alignment=\u00a0\u00bbleft\u00a0\u00bb global_colors_info=\u00a0\u00bb{}\u00a0\u00bb][\/et_pb_divider][et_pb_image src=\u00a0\u00bbhttps:\/\/cheyennecarronparfums.com\/wp-content\/uploads\/2025\/02\/La-ronde-des-parfums-scaled-1.jpg\u00a0\u00bb title_text=\u00a0\u00bbLa ronde des parfums\u00a0\u00bb _builder_version=\u00a0\u00bb4.27.4&Prime; _module_preset=\u00a0\u00bbdefault\u00a0\u00bb width=\u00a0\u00bb80%\u00a0\u00bb width_tablet=\u00a0\u00bb100%\u00a0\u00bb width_phone=\u00a0\u00bb100%\u00a0\u00bb width_last_edited=\u00a0\u00bbon|desktop\u00a0\u00bb module_alignment=\u00a0\u00bbleft\u00a0\u00bb global_colors_info=\u00a0\u00bb{}\u00a0\u00bb][\/et_pb_image][\/et_pb_column][et_pb_column type=\u00a0\u00bb2_5&Prime; _builder_version=\u00a0\u00bb4.27.4&Prime; _module_preset=\u00a0\u00bbdefault\u00a0\u00bb global_colors_info=\u00a0\u00bb{}\u00a0\u00bb][et_pb_image src=\u00a0\u00bbhttps:\/\/cheyennecarronparfums.com\/wp-content\/uploads\/2025\/02\/LES-PARFUMS-scaled-1.jpg\u00a0\u00bb title_text=\u00a0\u00bbLES PARFUMS\u00a0\u00bb _builder_version=\u00a0\u00bb4.27.4&Prime; _module_preset=\u00a0\u00bbdefault\u00a0\u00bb global_colors_info=\u00a0\u00bb{}\u00a0\u00bb][\/et_pb_image][et_pb_text _builder_version=\u00a0\u00bb4.27.4&Prime; _module_preset=\u00a0\u00bbdefault\u00a0\u00bb text_font_size=\u00a0\u00bb20px\u00a0\u00bb header_2_font=\u00a0\u00bb|700|||||||\u00a0\u00bb header_2_text_align=\u00a0\u00bbcenter\u00a0\u00bb header_2_font_size=\u00a0\u00bb27px\u00a0\u00bb text_orientation=\u00a0\u00bbjustified\u00a0\u00bb global_colors_info=\u00a0\u00bb{}\u00a0\u00bb]<\/p>\n<h2><span data-tt=\"{&quot;paragraphStyle&quot;:{&quot;alignment&quot;:4,&quot;style&quot;:3,&quot;writingDirection&quot;:1},&quot;fontHints&quot;:1}\">Une marque, un parfum.<\/span><\/h2>\n<p>[\/et_pb_text][et_pb_text _builder_version=\u00a0\u00bb4.27.4&Prime; _module_preset=\u00a0\u00bbdefault\u00a0\u00bb text_font=\u00a0\u00bb|600|||||||\u00a0\u00bb text_font_size=\u00a0\u00bb21px\u00a0\u00bb header_4_font=\u00a0\u00bb|700|||||||\u00a0\u00bb text_orientation=\u00a0\u00bbcenter\u00a0\u00bb width_phone=\u00a0\u00bb100%\u00a0\u00bb width_last_edited=\u00a0\u00bboff|desktop\u00a0\u00bb global_colors_info=\u00a0\u00bb{}\u00a0\u00bb]<\/p>\n<p>Le prix de la cr\u00e9ation de la formule<br \/>est de 1500 euros<\/p>\n<p>Sur devis, je pourrai vous livrer :<br \/>Le parfum dans la quantit\u00e9 souhait\u00e9e.<br \/>(minimum 2 kilos)<\/p>\n<p>Ou vous livrer le parfum dans les flacons<br \/>(Minimum 50 flacons de 50ml)<\/p>\n<p>Une formule exclusive \u00e0 votre image.<\/p>\n<p>[\/et_pb_text][\/et_pb_column][\/et_pb_row][et_pb_row _builder_version=\u00a0\u00bb4.27.4&Prime; _module_preset=\u00a0\u00bbdefault\u00a0\u00bb global_colors_info=\u00a0\u00bb{}\u00a0\u00bb][et_pb_column type=\u00a0\u00bb4_4&Prime; _builder_version=\u00a0\u00bb4.27.4&Prime; _module_preset=\u00a0\u00bbdefault\u00a0\u00bb global_colors_info=\u00a0\u00bb{}\u00a0\u00bb][et_pb_text _builder_version=\u00a0\u00bb4.27.4&Prime; _module_preset=\u00a0\u00bbdefault\u00a0\u00bb text_font_size=\u00a0\u00bb20px\u00a0\u00bb header_4_font=\u00a0\u00bb|700|||||||\u00a0\u00bb text_orientation=\u00a0\u00bbcenter\u00a0\u00bb width_phone=\u00a0\u00bb100%\u00a0\u00bb width_last_edited=\u00a0\u00bboff|desktop\u00a0\u00bb global_colors_info=\u00a0\u00bb{}\u00a0\u00bb]<\/p>\n<p><span data-tt=\"{&quot;paragraphStyle&quot;:{&quot;alignment&quot;:4,&quot;style&quot;:3,&quot;writingDirection&quot;:1}}\">Contactez notre service commercial : <\/span><\/p>\n<p><span data-tt=\"{&quot;paragraphStyle&quot;:{&quot;alignment&quot;:4,&quot;style&quot;:3,&quot;writingDirection&quot;:1}}\">+33 (0) 6 28 34 06 87 <\/span><\/p>\n<p><span data-tt=\"{&quot;paragraphStyle&quot;:{&quot;alignment&quot;:4,&quot;style&quot;:3,&quot;writingDirection&quot;:1}}\">cmcparfums@gmail.com<\/span><\/p>\n<p>[\/et_pb_text][\/et_pb_column][\/et_pb_row][et_pb_row _builder_version=\u00a0\u00bb4.27.4&Prime; _module_preset=\u00a0\u00bbdefault\u00a0\u00bb custom_padding=\u00a0\u00bb0px||||false|false\u00a0\u00bb locked=\u00a0\u00bboff\u00a0\u00bb global_colors_info=\u00a0\u00bb{}\u00a0\u00bb][et_pb_column type=\u00a0\u00bb4_4&Prime; _builder_version=\u00a0\u00bb4.27.4&Prime; _module_preset=\u00a0\u00bbdefault\u00a0\u00bb global_colors_info=\u00a0\u00bb{}\u00a0\u00bb][et_pb_text _builder_version=\u00a0\u00bb4.27.4&Prime; _module_preset=\u00a0\u00bbdefault\u00a0\u00bb text_font_size=\u00a0\u00bb18px\u00a0\u00bb text_orientation=\u00a0\u00bbcenter\u00a0\u00bb global_colors_info=\u00a0\u00bb{}\u00a0\u00bb]<\/p>\n<h2>LA CR\u00c9ATRICE<\/h2>\n<p>CHEYENNE-MARIE CARRON<\/p>\n<p>D\u00c9COUVREZ SES CR\u00c9ATIONS<\/p>\n<p>[\/et_pb_text][et_pb_image src=\u00a0\u00bbhttps:\/\/cheyennecarronparfums.com\/wp-content\/uploads\/2023\/07\/Cheyenne.jpg\u00a0\u00bb title_text=\u00a0\u00bbCheyenne\u00a0\u00bb align=\u00a0\u00bbcenter\u00a0\u00bb _builder_version=\u00a0\u00bb4.27.4&Prime; _module_preset=\u00a0\u00bbdefault\u00a0\u00bb width=\u00a0\u00bb24%\u00a0\u00bb width_tablet=\u00a0\u00bb30%\u00a0\u00bb width_phone=\u00a0\u00bb70%\u00a0\u00bb width_last_edited=\u00a0\u00bbon|phone\u00a0\u00bb global_colors_info=\u00a0\u00bb{}\u00a0\u00bb][\/et_pb_image][et_pb_text _builder_version=\u00a0\u00bb4.27.4&Prime; _module_preset=\u00a0\u00bbdefault\u00a0\u00bb text_font_size=\u00a0\u00bb20px\u00a0\u00bb text_line_height=\u00a0\u00bb1.5em\u00a0\u00bb text_orientation=\u00a0\u00bbjustified\u00a0\u00bb width=\u00a0\u00bb50%\u00a0\u00bb width_tablet=\u00a0\u00bb100%\u00a0\u00bb width_phone=\u00a0\u00bb100%\u00a0\u00bb width_last_edited=\u00a0\u00bbon|desktop\u00a0\u00bb module_alignment=\u00a0\u00bbcenter\u00a0\u00bb global_colors_info=\u00a0\u00bb{}\u00a0\u00bb]<\/p>\n<h2>LA CR\u00c9ATRICE<\/h2>\n<p>Le parfum est dans ma vie depuis toujours.<\/p>\n<p>Depuis mes d\u00e9buts au cin\u00e9ma, le parfum a toujours \u00e9t\u00e9 un \u00e9l\u00e9ment important dans mes films :<br \/>qu\u2019il soit un trait de caract\u00e8re, un moyen de communication, ou encore un langage commun entre les personnages et les spectateurs.<\/p>\n<p>Il est question d\u2019odeur de saintet\u00e9 dans \u00ab Extase \u00bb, d\u2019une jeune h\u00e9ro\u00efne qui part au Moyen Orient pour sa th\u00e8se sur le parfum dans \u00ab La chute des hommes \u00bb ; et dans mon prochain film, un adolescent maintient un lien avec sa m\u00e8re devenue handicap\u00e9e en lui faisant respirer une eau de Cologne qu\u2019elle affectionnait.<br \/>Plus g\u00e9n\u00e9ralement, cin\u00e9ma et parfum entretiennent une relation naturelle et profonde dans l\u2019imaginaire collectif : le premier est jalonn\u00e9 d\u2019\u0153uvres embl\u00e9matiques sur le sujet \u2013 \u00ab Parfum de femmes \u00bb, \u00ab L\u2019Odeur de la papaye verte \u00bb, etc. \u2013 et le second est envelopp\u00e9 d\u2019une aura cin\u00e9matographique, depuis Marilyn Monroe et \u2018son\u2019 N\u00b05 jusqu\u2019aux vid\u00e9os promotionnelles d\u2019aujourd\u2019hui qui fusionnent avec le septi\u00e8me art.<\/p>\n<p>Un jour, j\u2019ai d\u00e9cid\u00e9 d\u2019aller plus loin dans cet alliage entre mes deux passions, et de raconter des histoires autrement : des histoires olfactives qui \u00e9veillent l\u2019imagination, les sens et les souvenirs, et ce \u00e0 travers des fragrances de ma cr\u00e9ation.<\/p>\n<p>Il y a un lien \u00e9troit entre les histoires que je raconte au cin\u00e9ma et celles que je raconte \u00e0 travers mes fragrances. Comme dans mes films, mes parfums parlent de sujets qui me sont chers.<br \/>Au cin\u00e9ma comme dans le parfum, l\u2019objectif reste le m\u00eame : cr\u00e9er une \u00e9motion, une r\u00e9flexion, faire voyager ; et aussi, si possible, enchanter la vie.<\/p>\n<p>[\/et_pb_text][\/et_pb_column][\/et_pb_row][\/et_pb_section]<\/p>\n","protected":false},"excerpt":{"rendered":"<p>Mes collaborationsUne marque, un parfum.Une identit\u00e9, un parfum. Par la cr\u00e9atrice Cheyenne-Marie CARRONUn parfum unique, en harmonie\u00a0avec les valeurs de votre marque. FOLK cr\u00e9\u00e9 pour vous une formule de parfum\u00a0unique en s\u2019inspirant de l\u2019univers de votre\u00a0marque. 1. Apr\u00e8s plusieurs \u00e9changes sur vos go\u00fbts et\u00a0les odeurs que vous aimez, mais aussi sur\u00a0les valeurs et l\u2019identit\u00e9 de [&hellip;]<\/p>\n","protected":false},"author":96,"featured_media":0,"parent":0,"menu_order":0,"comment_status":"closed","ping_status":"closed","template":"","meta":{"_acf_changed":false,"_et_pb_use_builder":"on","_et_pb_old_content":"<!-- wp:divi\/placeholder \/-->","_et_gb_content_width":"","footnotes":""},"class_list":["post-4125","page","type-page","status-publish","hentry"],"acf":[],"jetpack_sharing_enabled":true,"_links":{"self":[{"href":"https:\/\/cheyennecarronparfums.com\/en\/wp-json\/wp\/v2\/pages\/4125","targetHints":{"allow":["GET"]}}],"collection":[{"href":"https:\/\/cheyennecarronparfums.com\/en\/wp-json\/wp\/v2\/pages"}],"about":[{"href":"https:\/\/cheyennecarronparfums.com\/en\/wp-json\/wp\/v2\/types\/page"}],"author":[{"embeddable":true,"href":"https:\/\/cheyennecarronparfums.com\/en\/wp-json\/wp\/v2\/users\/96"}],"replies":[{"embeddable":true,"href":"https:\/\/cheyennecarronparfums.com\/en\/wp-json\/wp\/v2\/comments?post=4125"}],"version-history":[{"count":5,"href":"https:\/\/cheyennecarronparfums.com\/en\/wp-json\/wp\/v2\/pages\/4125\/revisions"}],"predecessor-version":[{"id":4412,"href":"https:\/\/cheyennecarronparfums.com\/en\/wp-json\/wp\/v2\/pages\/4125\/revisions\/4412"}],"wp:attachment":[{"href":"https:\/\/cheyennecarronparfums.com\/en\/wp-json\/wp\/v2\/media?parent=4125"}],"curies":[{"name":"wp","href":"https:\/\/api.w.org\/{rel}","templated":true}]}}