{"id":3740,"date":"2023-07-31T21:53:17","date_gmt":"2023-07-31T19:53:17","guid":{"rendered":"https:\/\/www.cheyennecarronparfums.com\/?post_type=product&#038;p=3740"},"modified":"2026-01-23T17:52:41","modified_gmt":"2026-01-23T16:52:41","slug":"echantillon-2-ml-viridiana","status":"publish","type":"product","link":"https:\/\/cheyennecarronparfums.com\/en\/products\/echantillon-2-ml-viridiana\/","title":{"rendered":"\u00c9chantillon 2 ml &#8211; Viridiana"},"content":{"rendered":"<h3 data-start=\"130\" data-end=\"147\"><strong data-start=\"134\" data-end=\"147\">Viridiana<\/strong><\/h3>\n<p data-start=\"101\" data-end=\"349\">Puret\u00e9 en tension. Foi et vertige. Beaut\u00e9 d\u00e9rangeante. Viridiana est un parfum manifeste. Une fragrance inspir\u00e9e par l\u2019innocence confront\u00e9e au monde, par la gr\u00e2ce mise \u00e0 l\u2019\u00e9preuve, par cette fronti\u00e8re fragile entre id\u00e9al et r\u00e9alit\u00e9 que Bu\u00f1uel n\u2019a cess\u00e9 d\u2019explorer. L\u2019ouverture est claire, presque candide, port\u00e9e par une fra\u00eecheur lumineuse et d\u00e9licate, \u00e9voquant la simplicit\u00e9, la retenue, la promesse d\u2019un absolu. Puis le c\u0153ur se trouble : des notes florales plus sombres, l\u00e9g\u00e8rement \u00e9pic\u00e9es, apparaissent, r\u00e9v\u00e9lant une sensualit\u00e9 inattendue, un malaise subtil, une \u00e9motion \u00e0 fleur de peau.<\/p>\n<p data-start=\"101\" data-end=\"349\">Le fond s\u2019installe lentement, profond et troublant, m\u00ealant bois, ambre et muscs, laissant un sillage ambigu, \u00e0 la fois sacr\u00e9 et profane. Viridiana n\u2019est pas un parfum confortable. C\u2019est une \u0153uvre olfactive, une question pos\u00e9e \u00e0 la peau. Un hommage \u00e0 la beaut\u00e9 imparfaite, lucide et libre.<\/p>","protected":false},"excerpt":{"rendered":"<p>Pure en apparence, troublante en profondeur. Un parfum entre sacr\u00e9 et profane. Viridiana.<\/p>","protected":false},"featured_media":4839,"comment_status":"open","ping_status":"closed","template":"","meta":{"_acf_changed":false,"_et_pb_use_builder":"","_et_pb_old_content":"","_et_gb_content_width":""},"product_brand":[],"product_cat":[68],"product_tag":[],"class_list":{"0":"post-3740","1":"product","2":"type-product","3":"status-publish","4":"has-post-thumbnail","6":"product_cat-echantillons","8":"first","9":"instock","10":"taxable","11":"shipping-taxable","12":"purchasable","13":"product-type-simple"},"acf":[],"jetpack_sharing_enabled":true,"_links":{"self":[{"href":"https:\/\/cheyennecarronparfums.com\/en\/wp-json\/wp\/v2\/product\/3740","targetHints":{"allow":["GET"]}}],"collection":[{"href":"https:\/\/cheyennecarronparfums.com\/en\/wp-json\/wp\/v2\/product"}],"about":[{"href":"https:\/\/cheyennecarronparfums.com\/en\/wp-json\/wp\/v2\/types\/product"}],"replies":[{"embeddable":true,"href":"https:\/\/cheyennecarronparfums.com\/en\/wp-json\/wp\/v2\/comments?post=3740"}],"wp:featuredmedia":[{"embeddable":true,"href":"https:\/\/cheyennecarronparfums.com\/en\/wp-json\/wp\/v2\/media\/4839"}],"wp:attachment":[{"href":"https:\/\/cheyennecarronparfums.com\/en\/wp-json\/wp\/v2\/media?parent=3740"}],"wp:term":[{"taxonomy":"product_brand","embeddable":true,"href":"https:\/\/cheyennecarronparfums.com\/en\/wp-json\/wp\/v2\/product_brand?post=3740"},{"taxonomy":"product_cat","embeddable":true,"href":"https:\/\/cheyennecarronparfums.com\/en\/wp-json\/wp\/v2\/product_cat?post=3740"},{"taxonomy":"product_tag","embeddable":true,"href":"https:\/\/cheyennecarronparfums.com\/en\/wp-json\/wp\/v2\/product_tag?post=3740"}],"curies":[{"name":"wp","href":"https:\/\/api.w.org\/{rel}","templated":true}]}}